{"id":15159,"date":"2022-12-02T11:51:59","date_gmt":"2022-12-02T11:51:59","guid":{"rendered":"https:\/\/sebastus.com\/?page_id=15159"},"modified":"2024-11-25T14:19:01","modified_gmt":"2024-11-25T14:19:01","slug":"dodekanes-segelroute","status":"publish","type":"page","link":"https:\/\/sebastus.com\/de\/segelurlaub-griechenland\/dodekanes-segelroute\/","title":{"rendered":"Dodekanes Inseln Segelroute"},"content":{"rendered":"\n<section id=\"promo\" class=\"section columns-text-section js-check-scroll columns-text-section--background-image columns-text-section--negative-style\" style=\"--padding-top-desktop:20px;--padding-bottom-desktop:20px;--padding-top-mobile:20px;--padding-bottom-mobile:20px;\">\n        <img decoding=\"async\" width=\"2000\" height=\"1125\" src=\"https:\/\/sebastus.com\/wp-content\/uploads\/2022\/07\/shutterstock_1600377907.jpg\" class=\"columns-text-section__background-image object-fit\" alt=\"luxury motor yacht with deck lights on in the night\" srcset=\"https:\/\/sebastus.com\/wp-content\/uploads\/2022\/07\/shutterstock_1600377907.jpg 2000w, https:\/\/sebastus.com\/wp-content\/uploads\/2022\/07\/shutterstock_1600377907-768x432.jpg 768w, https:\/\/sebastus.com\/wp-content\/uploads\/2022\/07\/shutterstock_1600377907-1024x576.jpg 1024w, https:\/\/sebastus.com\/wp-content\/uploads\/2022\/07\/shutterstock_1600377907-1536x864.jpg 1536w\" sizes=\"(max-width: 2000px) 100vw, 2000px\" \/>    <div class=\"section__container\">\n              <div class=\"columns-text-section__text content-media-style\" style=\"--column-count:1;\">\n        <h4>BLACK SAILING WEEK<\/h4>\n<p>Bis zu 35% Rabatt und zus\u00e4tzliche 5% auf alle Buchungen bis zum 2. Dezember 2024<\/p>\n      <\/div>\n          <\/div>\n<\/section>\n\n\n\n<h1 id=\"\" class=\"page-headline\">\n    Die Geschichte in 7 Tagen rund um die Dodekanes Inseln<\/h1>\n\n\n\n<section id=\"\" class=\"section text-icons-small-section\">\n  <div class=\"text-icons-small-section__icons\">\n      <\/div>\n<\/section>\n\n\n\n<section id=\"\" class=\"section light-gallery-section\">\n  <div class=\"section__container\">\n    <div class=\"light-gallery-section__gallery light-gallery-section__gallery--two\">\n      <div class=\"light-gallery-section__gallery-wrapper js-light-gallery\">\n                  <a href=\"https:\/\/sebastus.com\/wp-content\/uploads\/2021\/02\/Depositphotos_162728364_xl-2015.jpg\" class=\"light-gallery-section__gallery-item\">\n            <img decoding=\"async\" width=\"1920\" height=\"1439\" src=\"https:\/\/sebastus.com\/wp-content\/uploads\/2021\/02\/Depositphotos_162728364_xl-2015.jpg\" class=\"light-gallery-section__gallery-image 22\" alt=\"\" srcset=\"https:\/\/sebastus.com\/wp-content\/uploads\/2021\/02\/Depositphotos_162728364_xl-2015.jpg 1920w, https:\/\/sebastus.com\/wp-content\/uploads\/2021\/02\/Depositphotos_162728364_xl-2015-768x576.jpg 768w, https:\/\/sebastus.com\/wp-content\/uploads\/2021\/02\/Depositphotos_162728364_xl-2015-1536x1151.jpg 1536w\" sizes=\"(max-width: 1920px) 100vw, 1920px\" \/>          <\/a>\n                  <a href=\"https:\/\/sebastus.com\/wp-content\/uploads\/2021\/02\/Depositphotos_275152584_xl-2015-1.jpg\" class=\"light-gallery-section__gallery-item\">\n            <img decoding=\"async\" width=\"1314\" height=\"1280\" src=\"https:\/\/sebastus.com\/wp-content\/uploads\/2021\/02\/Depositphotos_275152584_xl-2015-1.jpg\" class=\"light-gallery-section__gallery-image 22\" alt=\"\" srcset=\"https:\/\/sebastus.com\/wp-content\/uploads\/2021\/02\/Depositphotos_275152584_xl-2015-1.jpg 1314w, https:\/\/sebastus.com\/wp-content\/uploads\/2021\/02\/Depositphotos_275152584_xl-2015-1-768x748.jpg 768w\" sizes=\"(max-width: 1314px) 100vw, 1314px\" \/>          <\/a>\n              <\/div>\n              <div class=\"light-gallery-section__gallery-text js-trigger-light-gallery\">\n          Karte anzeigen        <\/div>\n          <\/div>\n  <\/div>\n<\/section>\n\n\n\n<div class=\"wp-block-columns two-columns single-package is-layout-flex wp-container-core-columns-is-layout-9d6595d7 wp-block-columns-is-layout-flex\">\n<div class=\"wp-block-column is-layout-flow wp-block-column-is-layout-flow\" style=\"flex-basis:66.66%\">\n<section class=\"section anchors\">\n  <div class=\"anchors__wrapper\">\n          <a href=\"#what-is-included\" class=\"anchors__item nobreak js-anchor\">\u00dcber das Programm<\/a>\n          <a href=\"#good-to-know\" class=\"anchors__item nobreak js-anchor\">Gut zu wissen<\/a>\n          <a href=\"#about-the-route\" class=\"anchors__item nobreak js-anchor\">Die Route un das Programm<\/a>\n          <a href=\"#itinerary\" class=\"anchors__item nobreak js-anchor\">Route<\/a>\n      <\/div>\n<\/section>\n\n\n\n<section id=\"what-is-included\" class=\"section columns-text-section js-check-scroll columns-text-section--border-bottom\" style=\"--padding-top-desktop:px;--padding-bottom-desktop:px;--padding-top-mobile:px;--padding-bottom-mobile:px;--background-color:;\">\n      <div class=\"section__container\">\n          <header class=\"section__heading section__heading--smaller-margin\">\n        <div class=\"section__heading-container\">\n                      <h2 class=\"section__heading-title u-text-size--huge is-left\">\n              <b>\u00dcber das Programm<\/b>            <\/h2>\n                            <\/div>\n      <\/header>\n              <div class=\"columns-text-section__text content-media-style\" style=\"--column-count:1;\">\n        <section class=\"elementor-element elementor-element-8bb2737 elementor-hidden-tablet elementor-hidden-phone elementor-section-boxed elementor-section-height-default elementor-section-height-default elementor-section elementor-top-section\" data-id=\"8bb2737\" data-element_type=\"section\">\n<div class=\"elementor-container elementor-column-gap-default\">\n<div class=\"elementor-row\">\n<div class=\"elementor-element elementor-element-78b1db9 elementor-column elementor-col-100 elementor-top-column\" data-id=\"78b1db9\" data-element_type=\"column\">\n<div class=\"elementor-column-wrap elementor-element-populated\">\n<div class=\"elementor-widget-wrap\">\n<div class=\"elementor-element elementor-element-c22a00c elementor-widget elementor-widget-heading\" data-id=\"c22a00c\" data-element_type=\"widget\" data-widget_type=\"heading.default\">\n<div class=\"elementor-widget-container\">\n<p class=\"p1\">Dieser Segelt\u00f6rn ab Rhodos in den Dodekanes dauert 7 Tage (Samstag-Samstag).<br \/>\nBitte beachten Sie, dass alle aufgef\u00fchrten Restaurants und Aktivit\u00e4ten nur als Vorschl\u00e4ge gelten und sind daher nicht im Preis enthalten. Die Reiseroute kann an Ihre W\u00fcnsche angepasst werden, d.h. die Zwischenstopps k\u00f6nnen hinzugef\u00fcgt oder rausgelassen werden.<\/p>\n<\/div>\n<\/div>\n<\/div>\n<\/div>\n<\/div>\n<\/div>\n<\/div>\n<\/section>\n      <\/div>\n          <\/div>\n<\/section>\n\n\n\n<section id=\"good-to-know\" class=\"section columns-text-section js-check-scroll columns-text-section--border-bottom\" style=\"--padding-top-desktop:px;--padding-bottom-desktop:px;--padding-top-mobile:px;--padding-bottom-mobile:px;--background-color:;\">\n      <div class=\"section__container\">\n          <header class=\"section__heading section__heading--smaller-margin\">\n        <div class=\"section__heading-container\">\n                      <h2 class=\"section__heading-title u-text-size--huge is-left\">\n              <b>Gut zu wissen<\/b>            <\/h2>\n                            <\/div>\n      <\/header>\n              <div class=\"columns-text-section__text content-media-style\" style=\"--column-count:1;\">\n        <p><img decoding=\"async\" class=\"alignnone size-full wp-image-1912\" src=\"http:\/\/sebastus.com\/wp-content\/uploads\/2020\/08\/Day-6-treca-Depositphotos_225665270_xl-2015.jpg\" alt=\"\" width=\"1760\" height=\"1173\" srcset=\"https:\/\/sebastus.com\/wp-content\/uploads\/2020\/08\/Day-6-treca-Depositphotos_225665270_xl-2015.jpg 1760w, https:\/\/sebastus.com\/wp-content\/uploads\/2020\/08\/Day-6-treca-Depositphotos_225665270_xl-2015-768x512.jpg 768w, https:\/\/sebastus.com\/wp-content\/uploads\/2020\/08\/Day-6-treca-Depositphotos_225665270_xl-2015-1536x1024.jpg 1536w\" sizes=\"(max-width: 1760px) 100vw, 1760px\" \/><\/p>\n<p class=\"p1\"><span class=\"s1\"><b>WICHTIG: <\/b><\/span><span class=\"s2\">Die Reiseroute h\u00e4ngt von den Wetterbedingungen und anderen unvorhergesehenen Bedingungen ab und kann entsprechend ge\u00e4ndert werden.<\/span><\/p>\n      <\/div>\n          <\/div>\n<\/section>\n\n\n\n<section id=\"about-the-route\" class=\"section columns-text-section js-check-scroll columns-text-section--no-padding\" style=\"--padding-top-desktop:px;--padding-bottom-desktop:px;--padding-top-mobile:px;--padding-bottom-mobile:px;--background-color:;\">\n      <div class=\"section__container\">\n          <header class=\"section__heading section__heading--smaller-margin\">\n        <div class=\"section__heading-container\">\n                      <h2 class=\"section__heading-title u-text-size--huge is-left\">\n              <b>Die Route un das Programm<\/b>            <\/h2>\n                            <\/div>\n      <\/header>\n              <div class=\"columns-text-section__text content-media-style\" style=\"--column-count:1;\">\n        <p><strong>Startpunkt<\/strong>:\u00a0Die Insel Rhodos<\/p>\n<p><strong>Ankunft:\u00a0<\/strong>Gerne arrangieren wir f\u00fcr Sie einen Transfer vom Flughafen zur Marina. Der Transfer ist nicht im Preis inbegriffen.<\/p>\n<p><strong>\u00dcber die Route:\u00a0<\/strong>Rhodos ist die gr\u00f6\u00dfte Insel der Dodekanes-Inselgruppe Griechenlands. Historisch gesehen war die Insel Rhodos weltweit sehr ber\u00fchmt f\u00fcr den Koloss von Rhodos, eines der sieben Weltwunder der Antike.\u00a0Die mittelalterliche Altstadt von Rhodos wurde zum Weltkulturerbe der Unesco erkl\u00e4rt. Heutzutage z\u00e4hlt Rhodos zu den wohl bekanntesten touristischen Reisezielen in Europa. In Rhodos herrscht das semiaride (halbtrockene) mediterrane Klima mit hei\u00dfen Sommermonaten.<\/p>\n      <\/div>\n          <\/div>\n<\/section>\n\n\n\n<section id=\"itinerary\" class=\"section itinerary-section\">\n  <div class=\"section__container\">\n    <header class=\"section__heading section__heading--smaller-margin\">\n      <div class=\"section__heading-container\">\n        <h2 class=\"section__heading-title u-text-size--huge is-left\">\n          <b>Route<\/b>        <\/h2>\n              <\/div>\n    <\/header>\n          <div class=\"anchors anchors--inline\">\n        <div class=\"anchors__wrapper\">\n                      <a href=\"#itinerary-day-1\" class=\"anchors__item nobreak js-anchor\">\n              Tag              1            <\/a>\n                      <a href=\"#itinerary-day-2\" class=\"anchors__item nobreak js-anchor\">\n              Tag              2            <\/a>\n                      <a href=\"#itinerary-day-3\" class=\"anchors__item nobreak js-anchor\">\n              Tag              3            <\/a>\n                      <a href=\"#itinerary-day-4\" class=\"anchors__item nobreak js-anchor\">\n              Tag              4            <\/a>\n                      <a href=\"#itinerary-day-5\" class=\"anchors__item nobreak js-anchor\">\n              Tag              5            <\/a>\n                      <a href=\"#itinerary-day-6\" class=\"anchors__item nobreak js-anchor\">\n              Tag              6            <\/a>\n                      <a href=\"#itinerary-day-7\" class=\"anchors__item nobreak js-anchor\">\n              Tag              7            <\/a>\n                  <\/div>\n      <\/div>\n        <div class=\"itinerary-section__days\">\n              <div id=\"itinerary-day-1\" class=\"itinerary-section__day js-itinerary-day is-closed\">\n\n          <div class=\"itinerary-section__day-headline js-itinerary-headline\" style=\"--dropdown-image-mobile: url(https:\/\/sebastus.com\/wp-content\/uploads\/2021\/02\/Depositphotos_38578945_xl-2015.jpg);\">\n                          <div class=\"itinerary-section__day-headline-text\">\n                Tag                1              <\/div>\n                        <div class=\"itinerary-section__day-headline-place\">\n              Der alte Riese             <\/div>\n          <\/div>\n\n          <div class=\"itinerary-section__day-content\">\n            <div class=\"itinerary-section__day-description\">\n              <section class=\"elementor-element elementor-element-72be573 elementor-section-height-min-height elementor-hidden-tablet elementor-hidden-phone elementor-section-boxed elementor-section-height-default elementor-section-items-middle elementor-section elementor-top-section\" data-id=\"72be573\" data-element_type=\"section\" data-settings=\"{&quot;background_background&quot;:&quot;classic&quot;}\">\n<div class=\"elementor-container elementor-column-gap-default\">\n<div class=\"elementor-row\">\n<div class=\"elementor-element elementor-element-cd89e0d elementor-column elementor-col-50 elementor-top-column\" data-id=\"cd89e0d\" data-element_type=\"column\" data-settings=\"{&quot;background_background&quot;:&quot;classic&quot;}\">\n<div class=\"elementor-column-wrap elementor-element-populated\">\n<div class=\"elementor-widget-wrap\">\n<div class=\"elementor-element elementor-element-7226e60 elementor-widget elementor-widget-heading\" data-id=\"7226e60\" data-element_type=\"widget\" data-widget_type=\"heading.default\">\n<div class=\"elementor-widget-container\">\n<p>Die Stadt Rhodos liegt direkt am Meer und ist entweder mit der F\u00e4hre oder mit dem Flugzeug erreichbar. Wir empfehlen Ihnen von der Mandraki Marina aus zu segeln. Verpassen Sie auf keinen Fall das atemberaubende, am Hafen liegende Thalassini Tor (Thalassini Pyli). Wir planen am ersten Tag, am Samstag, die Stadt Rhodos und die Marina zu erreichen. Das Check-In erfolgt um 17 Uhr an Bord des Bootes, an dem Sie die Nacht verbringen.<\/p>\n<p>&nbsp;<\/p>\n<\/div>\n<\/div>\n<\/div>\n<\/div>\n<\/div>\n<\/div>\n<\/div>\n<\/section>\n            <\/div>\n                          <div class=\"itinerary-section__day-included\">\n                                  <div class=\"itinerary-section__day-included-items\">\n                    <div class=\"itinerary-section__day-included-title content-media-style\">\n                       \n                      Was ist dort zu tun                    <\/div>\n                                          <div class=\"itinerary-section__day-included-item\">\n                        Erkunden Sie die mittelalterliche Stadt Rhodos von oben bis unten &#8211; die Altstadt von Rhodos ist von mittelalterlicher Stadtmauer umgeben.                      <\/div>\n                                          <div class=\"itinerary-section__day-included-item\">\n                        Besuchen Sie den Faliraki Wasserpark mit tollen Wasserrutschen, k\u00fcnstlichen Wellen, Pools mit originellen Spielen\u2026viel Spa\u00df garantiert!                      <\/div>\n                                          <div class=\"itinerary-section__day-included-item\">\n                        Besuchen Sie den Palast der Gro\u00dfmeister von Rhodos und machen Sie einen Ausflug in die Vergangenheit.                       <\/div>\n                                      <\/div>\n                                                  <div class=\"itinerary-section__day-included-items\">\n                    <div class=\"itinerary-section__day-included-title content-media-style\">\n                       \n                      Gastro Vorschl\u00e4ge                    <\/div>\n                                          <div class=\"itinerary-section__day-included-item\">\n                        Hosteria dei Cavalieri \u2013 ein perfekter Ort f\u00fcr leckeres Abendessen und tolle Atmosph\u00e4re                       <\/div>\n                                          <div class=\"itinerary-section__day-included-item\">\n                        The Fruit Lab \u2013 nicht vergessen, auch im Segelurlaub gesund zu essen! Hier bietet man frisches Obst, Smoothies und alle Vitamine, die sie brauchen k\u00f6nnten.                       <\/div>\n                                          <div class=\"itinerary-section__day-included-item\">\n                        Tamam \u2013 der ideale Ort, um sich mit griechischen Gerichten zu verw\u00f6hnen                      <\/div>\n                                      <\/div>\n                              <\/div>\n                        <div class=\"itinerary-section__day-slider swiper-container js-bullets-slider\">\n              <div class=\"swiper-wrapper content-media-style js-light-gallery\">\n                                  <a href=\"https:\/\/arzlzikoyr.cloudimg.io\/sebastus.com\/wp-content\/uploads\/2021\/02\/Depositphotos_38578945_xl-2015.jpg?width=600\" class=\"swiper-slide\">\n                    <img decoding=\"async\" src=\"https:\/\/arzlzikoyr.cloudimg.io\/sebastus.com\/wp-content\/uploads\/2021\/02\/Depositphotos_38578945_xl-2015.jpg?width=600\" class=\"swiper-slide\" alt=\"\"\/>\n                  <\/a>\n                                  <a href=\"https:\/\/arzlzikoyr.cloudimg.io\/sebastus.com\/wp-content\/uploads\/2021\/02\/Depositphotos_63612057_xl-2015.jpg?width=600\" class=\"swiper-slide\">\n                    <img decoding=\"async\" src=\"https:\/\/arzlzikoyr.cloudimg.io\/sebastus.com\/wp-content\/uploads\/2021\/02\/Depositphotos_63612057_xl-2015.jpg?width=600\" class=\"swiper-slide\" alt=\"\"\/>\n                  <\/a>\n                              <\/div>\n              <div class=\"swiper-pagination\"><\/div>\n            <\/div>\n          <\/div>\n\n        <\/div>\n              <div id=\"itinerary-day-2\" class=\"itinerary-section__day js-itinerary-day is-closed\">\n\n          <div class=\"itinerary-section__day-headline js-itinerary-headline\" style=\"--dropdown-image-mobile: url(https:\/\/sebastus.com\/wp-content\/uploads\/2021\/02\/Depositphotos_62234477_xl-2015.jpg);\">\n                          <div class=\"itinerary-section__day-headline-text\">\n                Tag                2              <\/div>\n                        <div class=\"itinerary-section__day-headline-place\">\n              Die Insel Symi und der Ziegenstrand             <\/div>\n          <\/div>\n\n          <div class=\"itinerary-section__day-content\">\n            <div class=\"itinerary-section__day-description\">\n              <p>Symi gilt als der Geburtsort der griechischen G\u00f6ttinnen Charites (Grazien)- die G\u00f6ttinnen des Charmes, der Sch\u00f6nheit, der Natur, der menschlichen Kreativit\u00e4t und der Fruchtbarkeit.<\/p>\n            <\/div>\n                          <div class=\"itinerary-section__day-included\">\n                                  <div class=\"itinerary-section__day-included-items\">\n                    <div class=\"itinerary-section__day-included-title content-media-style\">\n                       \n                      Was ist dort zu tun                    <\/div>\n                                          <div class=\"itinerary-section__day-included-item\">\n                        Besuchen Sie die antike Burg von Symi und genie\u00dfen Sie den grandiosen Ausblick \u00fcber die ganze Hafenbucht.                      <\/div>\n                                          <div class=\"itinerary-section__day-included-item\">\n                        Entspannen Sie sich am Marathounda-Strand, in Gesellschaft freundlicher Ziegen.                      <\/div>\n                                          <div class=\"itinerary-section__day-included-item\">\n                        Besuchen Sie das Kloster Panormitis.                      <\/div>\n                                      <\/div>\n                                                  <div class=\"itinerary-section__day-included-items\">\n                    <div class=\"itinerary-section__day-included-title content-media-style\">\n                       \n                      Gastro Vorschl\u00e4ge                    <\/div>\n                                          <div class=\"itinerary-section__day-included-item\">\n                        The Olive Tree Cafe &#8211; genie\u00dfen Sie die sch\u00f6ne Aussicht und griechische Vorspeisen Mezze\/Meze                       <\/div>\n                                          <div class=\"itinerary-section__day-included-item\">\n                        The Secret Garden &#8211; genie\u00dfen Sie Entspannung im Schatten der Weinlaube beim k\u00f6stlichen griechischen Essen                       <\/div>\n                                          <div class=\"itinerary-section__day-included-item\">\n                        Taverna O Harris &#8211; toller Ort f\u00fcr gro\u00dfartige Fisch- und Meeresfr\u00fcchte-Spezialit\u00e4ten                      <\/div>\n                                      <\/div>\n                              <\/div>\n                        <div class=\"itinerary-section__day-slider swiper-container js-bullets-slider\">\n              <div class=\"swiper-wrapper content-media-style js-light-gallery\">\n                                  <a href=\"https:\/\/arzlzikoyr.cloudimg.io\/sebastus.com\/wp-content\/uploads\/2021\/02\/Depositphotos_62234477_xl-2015.jpg?width=600\" class=\"swiper-slide\">\n                    <img decoding=\"async\" src=\"https:\/\/arzlzikoyr.cloudimg.io\/sebastus.com\/wp-content\/uploads\/2021\/02\/Depositphotos_62234477_xl-2015.jpg?width=600\" class=\"swiper-slide\" alt=\"\"\/>\n                  <\/a>\n                              <\/div>\n              <div class=\"swiper-pagination\"><\/div>\n            <\/div>\n          <\/div>\n\n        <\/div>\n              <div id=\"itinerary-day-3\" class=\"itinerary-section__day js-itinerary-day is-closed\">\n\n          <div class=\"itinerary-section__day-headline js-itinerary-headline\" style=\"--dropdown-image-mobile: url(https:\/\/sebastus.com\/wp-content\/uploads\/2021\/02\/Depositphotos_48504347_xl-2015.jpg);\">\n                          <div class=\"itinerary-section__day-headline-text\">\n                Tag                3              <\/div>\n                        <div class=\"itinerary-section__day-headline-place\">\n              Die Insel Nisyros &#8211; die Jungfrau der H\u00f6hlen             <\/div>\n          <\/div>\n\n          <div class=\"itinerary-section__day-content\">\n            <div class=\"itinerary-section__day-description\">\n              <section class=\"elementor-element elementor-element-dfc64ed elementor-section-height-min-height elementor-hidden-tablet elementor-hidden-phone elementor-section-boxed elementor-section-height-default elementor-section-items-middle elementor-section elementor-top-section\" data-id=\"dfc64ed\" data-element_type=\"section\" data-settings=\"{&quot;background_background&quot;:&quot;classic&quot;}\">\n<div class=\"elementor-container elementor-column-gap-default\">\n<div class=\"elementor-row\">\n<div class=\"elementor-element elementor-element-48792d3 elementor-column elementor-col-50 elementor-top-column\" data-id=\"48792d3\" data-element_type=\"column\" data-settings=\"{&quot;background_background&quot;:&quot;classic&quot;}\">\n<div class=\"elementor-column-wrap elementor-element-populated\">\n<div class=\"elementor-widget-wrap\">\n<div class=\"elementor-element elementor-element-58f8caa elementor-widget elementor-widget-heading\" data-id=\"58f8caa\" data-element_type=\"widget\" data-widget_type=\"heading.default\">\n<div class=\"elementor-widget-container\">\n<p>Das kleine Fischerdorf von Pali auf der Insel Nisyros eignet sich perfekt als der <em>Zwischenstopp<\/em>, um die Insel, insbesondere den aktiven Vulkan und die eindrucksvolle Caldera (kesselartigen Vulkankrater) zu erkunden.<\/p>\n<p>&nbsp;<\/p>\n<\/div>\n<\/div>\n<\/div>\n<\/div>\n<\/div>\n<\/div>\n<\/div>\n<\/section>\n            <\/div>\n                          <div class=\"itinerary-section__day-included\">\n                                  <div class=\"itinerary-section__day-included-items\">\n                    <div class=\"itinerary-section__day-included-title content-media-style\">\n                       \n                      Was ist dort zu tun                    <\/div>\n                                          <div class=\"itinerary-section__day-included-item\">\n                        Wanderung zum Vulkan Nisyros &#8211; Besonders sehenswert ist der gro\u00dfe Vulkankrater.                      <\/div>\n                                          <div class=\"itinerary-section__day-included-item\">\n                        Besuchen Sie die kleine H\u00f6hlenkirche Panagia Spiliani \u2013 diese dient auch als das Kirchenmuseum, in dem die Ikonenfigur der Jungfrau Maria aufbewahrt wurde.                      <\/div>\n                                          <div class=\"itinerary-section__day-included-item\">\n                        Besuchen Sie die Kirche Prophet Elias &#8211; eine kleine Kirche mit dem herrlichen Blick auf die \u00c4g\u00e4is.                      <\/div>\n                                      <\/div>\n                                                  <div class=\"itinerary-section__day-included-items\">\n                    <div class=\"itinerary-section__day-included-title content-media-style\">\n                       \n                      Gastro Vorschl\u00e4ge                    <\/div>\n                                          <div class=\"itinerary-section__day-included-item\">\n                        Taverna To Balconi tou Emporeiou \u2013 griechische K\u00fcche und traumhafter Ausblick \u00fcber die ganze Insel.                      <\/div>\n                                          <div class=\"itinerary-section__day-included-item\">\n                        Aphrodite Grill &amp; Seafood Restaurant \u2013 ein kleines, gem\u00fctliches Restaurant in der Marina von Pali.                       <\/div>\n                                          <div class=\"itinerary-section__day-included-item\">\n                        Ellinis \u2013 sch\u00f6ner Ort mit angenehmer Terrasse und dem Ausblick \u00fcber die Marina von Pali.                          <\/div>\n                                      <\/div>\n                              <\/div>\n                        <div class=\"itinerary-section__day-slider swiper-container js-bullets-slider\">\n              <div class=\"swiper-wrapper content-media-style js-light-gallery\">\n                                  <a href=\"https:\/\/arzlzikoyr.cloudimg.io\/sebastus.com\/wp-content\/uploads\/2021\/02\/Depositphotos_48504347_xl-2015.jpg?width=600\" class=\"swiper-slide\">\n                    <img decoding=\"async\" src=\"https:\/\/arzlzikoyr.cloudimg.io\/sebastus.com\/wp-content\/uploads\/2021\/02\/Depositphotos_48504347_xl-2015.jpg?width=600\" class=\"swiper-slide\" alt=\"\"\/>\n                  <\/a>\n                                  <a href=\"https:\/\/arzlzikoyr.cloudimg.io\/sebastus.com\/wp-content\/uploads\/2021\/02\/Depositphotos_122644434_xl-2015.jpg?width=600\" class=\"swiper-slide\">\n                    <img decoding=\"async\" src=\"https:\/\/arzlzikoyr.cloudimg.io\/sebastus.com\/wp-content\/uploads\/2021\/02\/Depositphotos_122644434_xl-2015.jpg?width=600\" class=\"swiper-slide\" alt=\"\"\/>\n                  <\/a>\n                              <\/div>\n              <div class=\"swiper-pagination\"><\/div>\n            <\/div>\n          <\/div>\n\n        <\/div>\n              <div id=\"itinerary-day-4\" class=\"itinerary-section__day js-itinerary-day is-closed\">\n\n          <div class=\"itinerary-section__day-headline js-itinerary-headline\" style=\"--dropdown-image-mobile: url(https:\/\/sebastus.com\/wp-content\/uploads\/2021\/02\/Depositphotos_13124400_xl-2015.jpg);\">\n                          <div class=\"itinerary-section__day-headline-text\">\n                Tag                4              <\/div>\n                        <div class=\"itinerary-section__day-headline-place\">\n              Die Insel Kos und die Sch\u00e4tze des Mittelalters            <\/div>\n          <\/div>\n\n          <div class=\"itinerary-section__day-content\">\n            <div class=\"itinerary-section__day-description\">\n              <p>Am Eingang des Hafens von der Insel Kos liegt eine Festung, die aus dem 14. Jahrhundert stammt.\u00a0 Hippokrates, auch &#8222;Vater der Medizin&#8220; genannt, wurde vermutlich auf der Insel Kos geboren.<\/p>\n            <\/div>\n                          <div class=\"itinerary-section__day-included\">\n                                  <div class=\"itinerary-section__day-included-items\">\n                    <div class=\"itinerary-section__day-included-title content-media-style\">\n                       \n                      Was ist dort zu tun                    <\/div>\n                                          <div class=\"itinerary-section__day-included-item\">\n                        Mylotopi &#8211; Unternehmen Sie eine Reise in die Vergangenheit.                      <\/div>\n                                          <div class=\"itinerary-section__day-included-item\">\n                        Besuchen Sie den Apollon-Tempel und erleben Sie die tolle Atmosph\u00e4re und die umliegende Natur.                       <\/div>\n                                          <div class=\"itinerary-section__day-included-item\">\n                        Entspannen Sie sich am Strand von Agios Stefanos &#8211; durch kristallklares Flachwasser mit Sandboden ist es ideal f\u00fcr Familien mit Kleinkindern.                      <\/div>\n                                      <\/div>\n                                                  <div class=\"itinerary-section__day-included-items\">\n                    <div class=\"itinerary-section__day-included-title content-media-style\">\n                       \n                      Gastro Vorschl\u00e4ge                    <\/div>\n                                          <div class=\"itinerary-section__day-included-item\">\n                        Mediterraneo Restaurant \u2013 durch einen herrlichen Ausblick ist es f\u00fcr besondere Anl\u00e4sse prima geeignet.                      <\/div>\n                                          <div class=\"itinerary-section__day-included-item\">\n                        Alchimion \u2013 ein toller Ort f\u00fcr ein leckeres Fr\u00fchst\u00fcck oder frische Limonade                       <\/div>\n                                          <div class=\"itinerary-section__day-included-item\">\n                        Plaza Beach Restaurant \u2013 gro\u00dfe Auswahl an Meeresfr\u00fcchte-Spezialit\u00e4ten                       <\/div>\n                                      <\/div>\n                              <\/div>\n                        <div class=\"itinerary-section__day-slider swiper-container js-bullets-slider\">\n              <div class=\"swiper-wrapper content-media-style js-light-gallery\">\n                                  <a href=\"https:\/\/arzlzikoyr.cloudimg.io\/sebastus.com\/wp-content\/uploads\/2021\/02\/Depositphotos_13124400_xl-2015.jpg?width=600\" class=\"swiper-slide\">\n                    <img decoding=\"async\" src=\"https:\/\/arzlzikoyr.cloudimg.io\/sebastus.com\/wp-content\/uploads\/2021\/02\/Depositphotos_13124400_xl-2015.jpg?width=600\" class=\"swiper-slide\" alt=\"\"\/>\n                  <\/a>\n                                  <a href=\"https:\/\/arzlzikoyr.cloudimg.io\/sebastus.com\/wp-content\/uploads\/2021\/02\/Depositphotos_53632827_xl-2015.jpg?width=600\" class=\"swiper-slide\">\n                    <img decoding=\"async\" src=\"https:\/\/arzlzikoyr.cloudimg.io\/sebastus.com\/wp-content\/uploads\/2021\/02\/Depositphotos_53632827_xl-2015.jpg?width=600\" class=\"swiper-slide\" alt=\"\"\/>\n                  <\/a>\n                              <\/div>\n              <div class=\"swiper-pagination\"><\/div>\n            <\/div>\n          <\/div>\n\n        <\/div>\n              <div id=\"itinerary-day-5\" class=\"itinerary-section__day js-itinerary-day is-closed\">\n\n          <div class=\"itinerary-section__day-headline js-itinerary-headline\" style=\"--dropdown-image-mobile: url(https:\/\/sebastus.com\/wp-content\/uploads\/2021\/02\/Depositphotos_300158980_xl-2015.jpg);\">\n                          <div class=\"itinerary-section__day-headline-text\">\n                Tag                5              <\/div>\n                        <div class=\"itinerary-section__day-headline-place\">\n              Die Insel Tilos und die verlassenen D\u00f6rfer             <\/div>\n          <\/div>\n\n          <div class=\"itinerary-section__day-content\">\n            <div class=\"itinerary-section__day-description\">\n              <section class=\"elementor-element elementor-element-86aded5 elementor-section-height-min-height elementor-hidden-tablet elementor-hidden-phone elementor-section-boxed elementor-section-height-default elementor-section-items-middle elementor-section elementor-top-section\" data-id=\"86aded5\" data-element_type=\"section\" data-settings=\"{&quot;background_background&quot;:&quot;classic&quot;}\">\n<div class=\"elementor-container elementor-column-gap-default\">\n<div class=\"elementor-row\">\n<div class=\"elementor-element elementor-element-59595c1 elementor-column elementor-col-50 elementor-top-column\" data-id=\"59595c1\" data-element_type=\"column\" data-settings=\"{&quot;background_background&quot;:&quot;classic&quot;}\">\n<div class=\"elementor-column-wrap elementor-element-populated\">\n<div class=\"elementor-widget-wrap\">\n<div class=\"elementor-element elementor-element-0c59582 elementor-widget elementor-widget-heading\" data-id=\"0c59582\" data-element_type=\"widget\" data-widget_type=\"heading.default\">\n<div class=\"elementor-widget-container\">\n<p>Die Insel Tilos beherbergt 5 Schl\u00f6sser, die die Insel und ihre Einwohner seit dem Mittelalter vor Piraten\u00fcberf\u00e4llen gesch\u00fctzt haben. In der Charkadio-H\u00f6hle wurden die Sch\u00e4del- und Knochenfunde von Zwergelefanten gefunden.<\/p>\n<\/div>\n<\/div>\n<\/div>\n<\/div>\n<\/div>\n<\/div>\n<\/div>\n<\/section>\n            <\/div>\n                          <div class=\"itinerary-section__day-included\">\n                                  <div class=\"itinerary-section__day-included-items\">\n                    <div class=\"itinerary-section__day-included-title content-media-style\">\n                       \n                      Was ist dort zu tun                    <\/div>\n                                          <div class=\"itinerary-section__day-included-item\">\n                        Entspannen Sie sich am Livadia Strand &#8211; vielleicht beim Schnorcheln!                      <\/div>\n                                          <div class=\"itinerary-section__day-included-item\">\n                        Sehenswert ist das Schloss der Ritter (die Ritterburg).                      <\/div>\n                                      <\/div>\n                                                  <div class=\"itinerary-section__day-included-items\">\n                    <div class=\"itinerary-section__day-included-title content-media-style\">\n                       \n                      Gastro Vorschl\u00e4ge                    <\/div>\n                                          <div class=\"itinerary-section__day-included-item\">\n                        Filoxenia Restaurant \u2013 griechische K\u00fcche und hausgemachte Spezialit\u00e4ten                      <\/div>\n                                          <div class=\"itinerary-section__day-included-item\">\n                        Omonoia Cafe \u2013 Pulpo-Spezialit\u00e4ten f\u00fcr Genie\u00dfer!                       <\/div>\n                                          <div class=\"itinerary-section__day-included-item\">\n                        Gorgona Restaurant \u2013 toller Ort mit griechischen Gerichten zum Mittag- oder Abendessen                      <\/div>\n                                      <\/div>\n                              <\/div>\n                        <div class=\"itinerary-section__day-slider swiper-container js-bullets-slider\">\n              <div class=\"swiper-wrapper content-media-style js-light-gallery\">\n                                  <a href=\"https:\/\/arzlzikoyr.cloudimg.io\/sebastus.com\/wp-content\/uploads\/2021\/02\/Depositphotos_300158980_xl-2015.jpg?width=600\" class=\"swiper-slide\">\n                    <img decoding=\"async\" src=\"https:\/\/arzlzikoyr.cloudimg.io\/sebastus.com\/wp-content\/uploads\/2021\/02\/Depositphotos_300158980_xl-2015.jpg?width=600\" class=\"swiper-slide\" alt=\"\"\/>\n                  <\/a>\n                                  <a href=\"https:\/\/arzlzikoyr.cloudimg.io\/sebastus.com\/wp-content\/uploads\/2021\/02\/Depositphotos_404167122_xl-2015.jpg?width=600\" class=\"swiper-slide\">\n                    <img decoding=\"async\" src=\"https:\/\/arzlzikoyr.cloudimg.io\/sebastus.com\/wp-content\/uploads\/2021\/02\/Depositphotos_404167122_xl-2015.jpg?width=600\" class=\"swiper-slide\" alt=\"\"\/>\n                  <\/a>\n                              <\/div>\n              <div class=\"swiper-pagination\"><\/div>\n            <\/div>\n          <\/div>\n\n        <\/div>\n              <div id=\"itinerary-day-6\" class=\"itinerary-section__day js-itinerary-day is-closed\">\n\n          <div class=\"itinerary-section__day-headline js-itinerary-headline\" style=\"--dropdown-image-mobile: url(https:\/\/sebastus.com\/wp-content\/uploads\/2021\/02\/Depositphotos_372125072_xl-2015.jpg);\">\n                          <div class=\"itinerary-section__day-headline-text\">\n                Tag                6              <\/div>\n                        <div class=\"itinerary-section__day-headline-place\">\n              Die Insel Chalki (Halki)            <\/div>\n          <\/div>\n\n          <div class=\"itinerary-section__day-content\">\n            <div class=\"itinerary-section__day-description\">\n              <p>Die Insel Chalki (Halki) ist die kleinste bewohnte Insel der Dodekanes-Inselgruppe. Besonders attraktiv sind die bunten H\u00e4user mit ihren Holzfenstern und D\u00e4chern aus Keramikfliesen am Hafen von Emborio. Der Uhrturm auf Halki zeigt immer zwanzig nach vier an.<\/p>\n<p>&nbsp;<\/p>\n            <\/div>\n                          <div class=\"itinerary-section__day-included\">\n                                  <div class=\"itinerary-section__day-included-items\">\n                    <div class=\"itinerary-section__day-included-title content-media-style\">\n                       \n                      Was ist dort zu tun                    <\/div>\n                                          <div class=\"itinerary-section__day-included-item\">\n                        Besuch des Uhrenturms auf Halki.                      <\/div>\n                                          <div class=\"itinerary-section__day-included-item\">\n                        Sonnenbaden am Ftenagia-Strand.                      <\/div>\n                                          <div class=\"itinerary-section__day-included-item\">\n                        Genie\u00dfen Sie den ber\u00fchmten Kania-Strand.                      <\/div>\n                                      <\/div>\n                                                  <div class=\"itinerary-section__day-included-items\">\n                    <div class=\"itinerary-section__day-included-title content-media-style\">\n                       \n                      Gastro Vorschl\u00e4ge                    <\/div>\n                                          <div class=\"itinerary-section__day-included-item\">\n                        Kania &#8211; ein toller Ort am Strand, um sich zu erfrischen                      <\/div>\n                                          <div class=\"itinerary-section__day-included-item\">\n                        Nick\u2019s Taverna Pondamos \u2013 das Restaurant bietet hausgemachte griechische Spezialit\u00e4ten                      <\/div>\n                                          <div class=\"itinerary-section__day-included-item\">\n                        Magefseis Restaurant \u2013 griechische K\u00fcche mit gro\u00dfer Auswahl an vegetarischen Gerichten                      <\/div>\n                                      <\/div>\n                              <\/div>\n                        <div class=\"itinerary-section__day-slider swiper-container js-bullets-slider\">\n              <div class=\"swiper-wrapper content-media-style js-light-gallery\">\n                                  <a href=\"https:\/\/arzlzikoyr.cloudimg.io\/sebastus.com\/wp-content\/uploads\/2021\/02\/Depositphotos_372125072_xl-2015.jpg?width=600\" class=\"swiper-slide\">\n                    <img decoding=\"async\" src=\"https:\/\/arzlzikoyr.cloudimg.io\/sebastus.com\/wp-content\/uploads\/2021\/02\/Depositphotos_372125072_xl-2015.jpg?width=600\" class=\"swiper-slide\" alt=\"\"\/>\n                  <\/a>\n                                  <a href=\"https:\/\/arzlzikoyr.cloudimg.io\/sebastus.com\/wp-content\/uploads\/2021\/02\/Depositphotos_66650075_xl-2015.jpg?width=600\" class=\"swiper-slide\">\n                    <img decoding=\"async\" src=\"https:\/\/arzlzikoyr.cloudimg.io\/sebastus.com\/wp-content\/uploads\/2021\/02\/Depositphotos_66650075_xl-2015.jpg?width=600\" class=\"swiper-slide\" alt=\"\"\/>\n                  <\/a>\n                              <\/div>\n              <div class=\"swiper-pagination\"><\/div>\n            <\/div>\n          <\/div>\n\n        <\/div>\n              <div id=\"itinerary-day-7\" class=\"itinerary-section__day js-itinerary-day is-closed\">\n\n          <div class=\"itinerary-section__day-headline js-itinerary-headline\" style=\"--dropdown-image-mobile: url(https:\/\/sebastus.com\/wp-content\/uploads\/2021\/02\/Depositphotos_3763736_xl-2015-1.jpg);\">\n                          <div class=\"itinerary-section__day-headline-text\">\n                Tag                7              <\/div>\n                        <div class=\"itinerary-section__day-headline-place\">\n              R\u00fcckreise nach Rhodos            <\/div>\n          <\/div>\n\n          <div class=\"itinerary-section__day-content\">\n            <div class=\"itinerary-section__day-description\">\n              <section class=\"elementor-element elementor-element-0c4306b elementor-section-height-min-height elementor-hidden-tablet elementor-hidden-phone elementor-section-boxed elementor-section-height-default elementor-section-items-middle elementor-section elementor-top-section\" data-id=\"0c4306b\" data-element_type=\"section\" data-settings=\"{&quot;background_background&quot;:&quot;classic&quot;}\">\n<div class=\"elementor-container elementor-column-gap-default\">\n<div class=\"elementor-row\">\n<div class=\"elementor-element elementor-element-016b97b elementor-column elementor-col-50 elementor-top-column\" data-id=\"016b97b\" data-element_type=\"column\" data-settings=\"{&quot;background_background&quot;:&quot;classic&quot;}\">\n<div class=\"elementor-column-wrap elementor-element-populated\">\n<div class=\"elementor-widget-wrap\">\n<div class=\"elementor-element elementor-element-2a42c3b elementor-widget elementor-widget-heading\" data-id=\"2a42c3b\" data-element_type=\"widget\" data-widget_type=\"heading.default\">\n<div class=\"elementor-widget-container\">\n<p>Setzen Sie die Segel auf Rhodos und genie\u00dfen Sie den letzten Tag in der Stadt Rhodos. N\u00fctzen Sie die Gelegenheit f\u00fcr die Stadtbesichtigung. Besuchen Sie eine der hiesigen Tavernen und genie\u00dfen Sie die griechischen Spezialit\u00e4ten bei griechischer Musik.<br \/>\nVerbringen Sie die letzte Nacht an Bord des Bootes bevor Sie am n\u00e4chsten Tag bis 9:00 Uhr auschecken.<\/p>\n<\/div>\n<\/div>\n<\/div>\n<\/div>\n<\/div>\n<\/div>\n<\/div>\n<\/section>\n            <\/div>\n                        <div class=\"itinerary-section__day-slider swiper-container js-bullets-slider\">\n              <div class=\"swiper-wrapper content-media-style js-light-gallery\">\n                                  <a href=\"https:\/\/arzlzikoyr.cloudimg.io\/sebastus.com\/wp-content\/uploads\/2021\/02\/Depositphotos_3763736_xl-2015-1.jpg?width=600\" class=\"swiper-slide\">\n                    <img decoding=\"async\" src=\"https:\/\/arzlzikoyr.cloudimg.io\/sebastus.com\/wp-content\/uploads\/2021\/02\/Depositphotos_3763736_xl-2015-1.jpg?width=600\" class=\"swiper-slide\" alt=\"\"\/>\n                  <\/a>\n                                  <a href=\"https:\/\/arzlzikoyr.cloudimg.io\/sebastus.com\/wp-content\/uploads\/2021\/02\/Depositphotos_65044883_xl-2015.jpg?width=600\" class=\"swiper-slide\">\n                    <img decoding=\"async\" src=\"https:\/\/arzlzikoyr.cloudimg.io\/sebastus.com\/wp-content\/uploads\/2021\/02\/Depositphotos_65044883_xl-2015.jpg?width=600\" class=\"swiper-slide\" alt=\"\"\/>\n                  <\/a>\n                              <\/div>\n              <div class=\"swiper-pagination\"><\/div>\n            <\/div>\n          <\/div>\n\n        <\/div>\n          <\/div>\n  <\/div>\n<\/section>\n<\/div>\n\n\n\n<div class=\"wp-block-column is-layout-flow wp-block-column-is-layout-flow\" style=\"flex-basis:33.33%\">\n<div id=\"\" class=\"floating-card floating-card--routes\">\n  <h5 class=\"floating-card__headline\">\n    Haben Sie eine Frage zu dieser Route?  <\/h5>\n  <div class=\"floating-card__subheadline\">\n    Wir haben Antworten auf Ihre Fragen. Z\u00f6gern Sie also nicht, unser Team noch heute zu kontaktieren!  <\/div>\n\n      <button class=\"floating-card__widget-open btn btn--full-width js-modal-open\" data-modal=\"99\">\n      Erkundigen Sie sich nach der Route    <\/button>\n\n    <div class=\"floating-card__widget-open-wrapper\">\n      <button class=\"floating-card__widget-open btn btn--full-width js-modal-open\"  data-modal=\"99\">\n        Erkundigen Sie sich nach der Route      <\/button>\n    <\/div>\n  <\/div>\n\n  <div class=\"modal modal--full-mobile js-modal-element\" data-modal-element=\"99\" style=\"--max-width:580px;\">\n    <div class=\"modal__close js-modal-close\"><\/div>\n    <div class=\"modal__content\">\n      <h5 class=\"modal__content-title\">\n        Anfrage \u00fcber        Dodekanes Inseln Segelroute      <\/h5>\n      <div class=\"modal__content-subtitle\">\n        Z\u00f6gern Sie nicht, unser Team noch heute zu kontaktieren!      <\/div>\n      <form id=\"modal-packages-form\" class=\"contact-form js-package-send\" data-name=\"Modal contact form\">\n                <div class=\"form-outline\">\n          <input type=\"text\" class=\"form-control form-control-lg\" name=\"destinationArea\"\/>\n          <label class=\"form-label\">Bevorzugtes Gebiet in der ausgew\u00e4hlten Destination<\/label>\n        <\/div>\n\n        <div class=\"form-outline\">\n          <input type=\"text\" id=\"routes-litepicker\" class=\"form-control form-control-lg form-control-widther js-routes-litepicker\" name=\"period\" value=\"\" required autocomplete=\"off\" readonly \/>\n          <label class=\"form-label\">Zeitraum *<\/label>\n          <div class=\"form-control-litepicker js-form-control-litepicker\"><\/div>\n        <\/div>\n        <div class=\"form-outline\">\n          <input type=\"text\" class=\"form-control form-control-lg form-control-widther\" name=\"guestsValue\" required\/>\n          <label class=\"form-label\">G\u00e4ste *<\/label>\n        <\/div>\n        <div class=\"form-outline\">\n          <input type=\"text\" class=\"form-control form-control-lg\" name=\"firstLastName\" required\/>\n          <label class=\"form-label\">Vor-und Nachname *<\/label>\n        <\/div>\n        <div class=\"form-outline\">\n          <input type=\"email\" class=\"form-control form-control-lg\" name=\"email\" required\/>\n          <label class=\"form-label\">E-Mail-Addresse *<\/label>\n        <\/div>\n        <div class=\"form-outline form-phone-number-iti phone-logic\">\n          <div class=\"form-control form-control-lg\">\n            <div class=\"fake-holder\">\n              Klicken Sie hier, um den L\u00e4ndercode auszuw\u00e4hlen \u25bc\n            <\/div>\n            <input type=\"text\" class=\"form-control form-control-lg js-make-required\" name=\"phoneNumber\" id=\"phone-number-special\" \/>\n            <label class=\"form-label\">Telefonnummer<\/label>\n          <\/div>\n        <\/div>\n        <div class=\"form-outline\">\n          <textarea class=\"form-control form-control-lg form-control-textarea form-control-textarea placeholder-active\" name=\"comment\" placeholder=\"Teilen Sie uns gerne weitere Informationen \u00fcber den Bootstyp, Ihr Budget\u2026\" required><\/textarea>\n          <label class=\"form-label\">Botschaft *<\/label>\n        <\/div>\n\n        <label class=\"checkbox checkbox--modal checkbox--left\">\n          <span class=\"checkbox__text\">\n            Ich nehme an <a href=\"https:\/\/sebastus.com\/de\/geschaftsbedingungen\/\" target=\"_blank\">Gesch\u00e4ftsbedingungen<\/a>          <\/span>\n          <input type=\"checkbox\" name=\"terms\" class=\"checkbox__input\" required>\n          <span class=\"checkbox__icon\"><\/span>\n        <\/label>\n        <label class=\"checkbox checkbox--modal checkbox--left\">\n          <span class=\"checkbox__text\">\n            Ich w\u00fcrde gerne Sonderangebote und Neugkeiten per e mail erhalten          <\/span>\n          <input type=\"checkbox\" name=\"specialOffers\" class=\"checkbox__input\">\n          <span class=\"checkbox__icon\"><\/span>\n        <\/label>\n\n        <input type=\"hidden\" value=\"\" name=\"landing-page-url\" class=\"landing-page-url\">\n        <!-- H o n e y p o t -->\n        <label class=\"contact-form__honey\"><\/label>\n        <input class=\"contact-form__honey\" autocomplete=\"new-password\" type=\"text\" name=\"honeyName\" placeholder=\"Your name here\">\n\n        <div class=\"contact-form__button-wrapper\">\n          <input type=\"hidden\" name=\"pageUrl\" value=\"https:\/\/sebastus.com\/de\/wp-json\/wp\/v2\/pages\/15159\">\n          <input type=\"hidden\" name=\"packageName\" value=\"Dodekanes Inseln Segelroute\">\n          <input type=\"hidden\" name=\"packageType\" value=\"family-sailing\">\n          <button type=\"submit\" class=\"btn btn--bigger btn--full-width\">\n            Einreichen\r\n          <\/button>\n        <\/div>\n        <p class=\"contact-form__status is-hidden js-form-status\"><\/p>\n      <\/form>\n    <\/div>\n  <\/div>\n  <div class=\"modal-overlay js-modal-close\"><\/div>\n  <!-- Package Form Modal END. -->\n<\/div>\n<\/div>\n\n\n\n<section id=\"\" class=\"section boats-section\">\n  <div class=\"section__container boats-section__container\">\n    <header class=\"section__heading section__heading--no-margin section__heading--left\">\n      <div class=\"section__heading-container\">\n        <h2 class=\"section__heading-title u-text-size--huge\">\n          Den Bootstyp ausw\u00e4hlen        <\/h2>\n        <div class=\"section__heading-subtitle section__heading-subtitle--smaller section__heading-subtitle--full-width content-style\">\n          <p>Die Wahl eines Bootes h\u00e4ngt normalerweise von Ihrem verf\u00fcgbaren Budgetbetrag, von der Gruppengr\u00f6\u00dfe und Ihrer bevorzugten Segelweise ab. Dar\u00fcber hinaus k\u00f6nnen verschiedene Segelboote mit oder ohne Besatzung gechartert werden. Chartern mit kompletter Besatzung ist auch m\u00f6glich.<\/p>\n        <\/div>\n                  <a href=\"https:\/\/sebastus.com\/\" class=\"boats-section__button btn\" target=\"_self\">\n            Finden Sie Ihre Yacht          <\/a>\n              <\/div>\n    <\/header>\n    <div class=\"boats-section__boats\">\n              <div class=\"boats-section__boat\">\n          <div href=\"#\" class=\"boats-section__boat-modal-link js-modal-open js-skip-anchor\" data-modal=\"boat-0\"><\/div>\n                      <a href=\"https:\/\/sebastus.com\/de\/find-your-yacht\/yacht-results\/?area=Dodecanese&#038;country=Griechenland&#038;countryCode=&#038;dateFrom=2023-07-22&#038;dateTo=2023-07-29&#038;minWc=1&#038;kind=Sail+boat&#038;dateFrom=2026-05-02&#038;dateTo=2026-05-09\" class=\"boats-section__boat-link\"><\/a>\n                    <div class=\"boats-section__boat-inner\">\n            <img decoding=\"async\" width=\"800\" height=\"534\" src=\"https:\/\/sebastus.com\/wp-content\/uploads\/2021\/10\/familiy-sailing-sailboat.jpg\" class=\"boats-section__boat-image\" alt=\"Segelboot mit vollen Segeln und Menschen an der Seite\" srcset=\"https:\/\/sebastus.com\/wp-content\/uploads\/2021\/10\/familiy-sailing-sailboat.jpg 800w, https:\/\/sebastus.com\/wp-content\/uploads\/2021\/10\/familiy-sailing-sailboat-768x513.jpg 768w\" sizes=\"(max-width: 800px) 100vw, 800px\" \/>            <div class=\"boats-section__boat-content\">\n              <div class=\"boats-section__boat-headline\">\n                Segelboot              <\/div>\n              <div class=\"boats-section__boat-peoples\">\n                2-12 Personen              <\/div>\n              <div class=\"boats-section__boat-subheadline\">\n                Eignet sich am besten f\u00fcr Aktivurlauber oder f\u00fcr den P\u00e4rchenurlaub. Die Segelboote sind ideal f\u00fcr ein klassisches Segelerlebnis und ihre L\u00e4nge variiert zwischen 30 und 64 Fu\u00df.              <\/div>\n              <div class=\"boats-section__boat-price\">\n                Ab 160 EUR pro Tag              <\/div>\n            <\/div>\n          <\/div>\n        <\/div>\n              <div class=\"boats-section__boat\">\n          <div href=\"#\" class=\"boats-section__boat-modal-link js-modal-open js-skip-anchor\" data-modal=\"boat-1\"><\/div>\n                      <a href=\"https:\/\/sebastus.com\/de\/find-your-yacht\/yacht-results\/?area=Dodecanese&#038;country=Griechenland&#038;countryCode=&#038;dateFrom=2023-07-22&#038;dateTo=2023-07-29&#038;minWc=1&#038;kind=Catamaran&#038;dateFrom=2026-05-02&#038;dateTo=2026-05-09\" class=\"boats-section__boat-link\"><\/a>\n                    <div class=\"boats-section__boat-inner\">\n            <img decoding=\"async\" width=\"800\" height=\"450\" src=\"https:\/\/sebastus.com\/wp-content\/uploads\/2022\/02\/rsz_shutterstock_1505920409-e1643985281887.jpg\" class=\"boats-section__boat-image\" alt=\"\" \/>            <div class=\"boats-section__boat-content\">\n              <div class=\"boats-section__boat-headline\">\n                Katamaran              <\/div>\n              <div class=\"boats-section__boat-peoples\">\n                2-12 Personen              <\/div>\n              <div class=\"boats-section__boat-subheadline\">\n                Ein Katamaran eignet sich perfekt f\u00fcr gr\u00f6\u00dfere Gruppen oder Familien und bietet, im Vergleich zum normalen Segelboot, ein Segelerlebnis, das etwa mehr reibungslos l\u00e4uft. Ihre L\u00e4nge variiert zwischen 38-70 Fu\u00df. Die meisten sind jedoch mit einer L\u00e4nge von 42 Fu\u00df.              <\/div>\n              <div class=\"boats-section__boat-price\">\n                Ab 500 EUR pro Tag              <\/div>\n            <\/div>\n          <\/div>\n        <\/div>\n              <div class=\"boats-section__boat\">\n          <div href=\"#\" class=\"boats-section__boat-modal-link js-modal-open js-skip-anchor\" data-modal=\"boat-2\"><\/div>\n                    <div class=\"boats-section__boat-inner\">\n            <img decoding=\"async\" width=\"800\" height=\"356\" src=\"https:\/\/sebastus.com\/wp-content\/uploads\/2022\/02\/rsz_shutterstock_1040044669-e1643980776827.jpg\" class=\"boats-section__boat-image\" alt=\"Motor yacht on the water | Sebastus Sailing\" \/>            <div class=\"boats-section__boat-content\">\n              <div class=\"boats-section__boat-headline\">\n                Motoryacht              <\/div>\n              <div class=\"boats-section__boat-peoples\">\n                2 &#8211; 12 Personen              <\/div>\n              <div class=\"boats-section__boat-subheadline\">\n                Motoryachten haben normalerweise je nach Gr\u00f6\u00dfe bis zu vier Kabinen und sind in der Regel zwischen 30 und 50 Fu\u00df gro\u00df.              <\/div>\n              <div class=\"boats-section__boat-price\">\n                Preis ab 500 EUR pro Tag              <\/div>\n            <\/div>\n          <\/div>\n        <\/div>\n                <\/div>\n  <\/div>\n\n      <!-- Boat Modal START -->\n    <div class=\"modal js-modal-element\" data-modal-element=\"boat-0\" style=\"--max-width:720px;\">\n      <div class=\"modal__close js-modal-close\"><\/div>\n      <div class=\"modal__content modal__content--boat\">\n        <div class=\"modal__content-media\">\n          <img decoding=\"async\" width=\"800\" height=\"534\" src=\"https:\/\/sebastus.com\/wp-content\/uploads\/2021\/10\/familiy-sailing-sailboat.jpg\" class=\"modal__content-media-image\" alt=\"Segelboot mit vollen Segeln und Menschen an der Seite\" srcset=\"https:\/\/sebastus.com\/wp-content\/uploads\/2021\/10\/familiy-sailing-sailboat.jpg 800w, https:\/\/sebastus.com\/wp-content\/uploads\/2021\/10\/familiy-sailing-sailboat-768x513.jpg 768w\" sizes=\"(max-width: 800px) 100vw, 800px\" \/>          <div class=\"modal__content-media-text\">\n            <div class=\"modal__content-media-headline\">\n              Segelboot            <\/div>\n            <div class=\"modal__content-media-subheadline\">\n              2-12 Personen            <\/div>\n          <\/div>\n        <\/div>\n        <h3 class=\"modal__content-title\">\n          Ab 160 EUR pro Tag        <\/h3>\n        <div class=\"modal__content-subtitle\">\n          Eignet sich am besten f\u00fcr Aktivurlauber oder f\u00fcr den P\u00e4rchenurlaub. Die Segelboote sind ideal f\u00fcr ein klassisches Segelerlebnis und ihre L\u00e4nge variiert zwischen 30 und 64 Fu\u00df.        <\/div>\n      <\/div>\n    <\/div>\n    <!-- Boat Modal END. -->\n      <!-- Boat Modal START -->\n    <div class=\"modal js-modal-element\" data-modal-element=\"boat-1\" style=\"--max-width:720px;\">\n      <div class=\"modal__close js-modal-close\"><\/div>\n      <div class=\"modal__content modal__content--boat\">\n        <div class=\"modal__content-media\">\n          <img decoding=\"async\" width=\"800\" height=\"450\" src=\"https:\/\/sebastus.com\/wp-content\/uploads\/2022\/02\/rsz_shutterstock_1505920409-e1643985281887.jpg\" class=\"modal__content-media-image\" alt=\"\" \/>          <div class=\"modal__content-media-text\">\n            <div class=\"modal__content-media-headline\">\n              Katamaran            <\/div>\n            <div class=\"modal__content-media-subheadline\">\n              2-12 Personen            <\/div>\n          <\/div>\n        <\/div>\n        <h3 class=\"modal__content-title\">\n          Ab 500 EUR pro Tag        <\/h3>\n        <div class=\"modal__content-subtitle\">\n          Ein Katamaran eignet sich perfekt f\u00fcr gr\u00f6\u00dfere Gruppen oder Familien und bietet, im Vergleich zum normalen Segelboot, ein Segelerlebnis, das etwa mehr reibungslos l\u00e4uft. Ihre L\u00e4nge variiert zwischen 38-70 Fu\u00df. Die meisten sind jedoch mit einer L\u00e4nge von 42 Fu\u00df.        <\/div>\n      <\/div>\n    <\/div>\n    <!-- Boat Modal END. -->\n      <!-- Boat Modal START -->\n    <div class=\"modal js-modal-element\" data-modal-element=\"boat-2\" style=\"--max-width:720px;\">\n      <div class=\"modal__close js-modal-close\"><\/div>\n      <div class=\"modal__content modal__content--boat\">\n        <div class=\"modal__content-media\">\n          <img decoding=\"async\" width=\"800\" height=\"356\" src=\"https:\/\/sebastus.com\/wp-content\/uploads\/2022\/02\/rsz_shutterstock_1040044669-e1643980776827.jpg\" class=\"modal__content-media-image\" alt=\"Motor yacht on the water | Sebastus Sailing\" \/>          <div class=\"modal__content-media-text\">\n            <div class=\"modal__content-media-headline\">\n              Motoryacht            <\/div>\n            <div class=\"modal__content-media-subheadline\">\n              2 &#8211; 12 Personen            <\/div>\n          <\/div>\n        <\/div>\n        <h3 class=\"modal__content-title\">\n          Preis ab 500 EUR pro Tag        <\/h3>\n        <div class=\"modal__content-subtitle\">\n          Motoryachten haben normalerweise je nach Gr\u00f6\u00dfe bis zu vier Kabinen und sind in der Regel zwischen 30 und 50 Fu\u00df gro\u00df.        <\/div>\n      <\/div>\n    <\/div>\n    <!-- Boat Modal END. -->\n    <div class=\"modal-overlay js-modal-close\"><\/div>\n<\/section>\n\n\n","protected":false},"excerpt":{"rendered":"","protected":false},"author":1,"featured_media":0,"parent":3342,"menu_order":0,"comment_status":"closed","ping_status":"closed","template":"","meta":{"_acf_changed":false,"inline_featured_image":false,"footnotes":""},"class_list":["post-15159","page","type-page","status-publish","hentry"],"acf":{"h1_override":"","h2_override":""},"aioseo_notices":[],"_links":{"self":[{"href":"https:\/\/sebastus.com\/de\/wp-json\/wp\/v2\/pages\/15159","targetHints":{"allow":["GET"]}}],"collection":[{"href":"https:\/\/sebastus.com\/de\/wp-json\/wp\/v2\/pages"}],"about":[{"href":"https:\/\/sebastus.com\/de\/wp-json\/wp\/v2\/types\/page"}],"author":[{"embeddable":true,"href":"https:\/\/sebastus.com\/de\/wp-json\/wp\/v2\/users\/1"}],"replies":[{"embeddable":true,"href":"https:\/\/sebastus.com\/de\/wp-json\/wp\/v2\/comments?post=15159"}],"version-history":[{"count":35,"href":"https:\/\/sebastus.com\/de\/wp-json\/wp\/v2\/pages\/15159\/revisions"}],"predecessor-version":[{"id":43195,"href":"https:\/\/sebastus.com\/de\/wp-json\/wp\/v2\/pages\/15159\/revisions\/43195"}],"up":[{"embeddable":true,"href":"https:\/\/sebastus.com\/de\/wp-json\/wp\/v2\/pages\/3342"}],"wp:attachment":[{"href":"https:\/\/sebastus.com\/de\/wp-json\/wp\/v2\/media?parent=15159"}],"curies":[{"name":"wp","href":"https:\/\/api.w.org\/{rel}","templated":true}]}}